{"id":1912,"date":"2026-09-04T15:34:17","date_gmt":"2026-09-04T13:34:17","guid":{"rendered":"https:\/\/imn.u-bordeaux.fr\/?post_type=buni_events&#038;p=1912"},"modified":"2026-09-04T15:34:18","modified_gmt":"2026-09-04T13:34:18","slug":"festival-les-hypermondes-2026","status":"publish","type":"buni_events","link":"https:\/\/imn.u-bordeaux.fr\/fr\/events\/festival-les-hypermondes-2026\/","title":{"rendered":"Festival Les Hypermondes 2026"},"content":{"rendered":"<div class=\"et_pb_column et_pb_column_1_2 et_pb_column_1 et_pb_css_mix_blend_mode_passthrough\">\n<div class=\"et_pb_module et_pb_text et_pb_text_2 et_pb_text_align_left et_pb_bg_layout_light\">\n<div class=\"et_pb_text_inner\">\n<p><img loading=\"lazy\" decoding=\"async\" class=\"size-medium wp-image-205754 alignright\" src=\"https:\/\/www.bordeaux-neurocampus.fr\/wp-content\/uploads\/2026\/09\/Hypermondes-2026-246x360.jpg\" alt=\"\" width=\"246\" height=\"360\" \/>Le \u00ab Pouvoir \u00bb, sous ses nombreux aspects, a colonis\u00e9 et dirig\u00e9 notre histoire, nos vies et nos imaginaires. Il d\u00e9signe \u00e0 la fois la capacit\u00e9 de fa\u00e7onner des soci\u00e9t\u00e9s et la force de contraindre des individus.<br \/>\nIl n\u2019est donc pas \u00e9tonnant que l\u2019imaginaire s\u2019en soit empar\u00e9 via ses formes multiples, au premier rang desquelles la magie et les superpouvoirs d\u2019innombrables \u00eatres surhumains mutants ou venant d\u2019ailleurs.<\/p>\n<p>Ils fascinent la culture populaire qui adore les mettre en sc\u00e8ne, qu\u2019ils soient surnaturels, technologiques ou extraterrestres.Mais le r\u00e9el propose lui aussi toutes sortes de pouvoirs, \u00e0 commencer par ceux de la nature o\u00f9 ce qui para\u00eet extraordinaire constitue la vie quotidienne d\u2019une faune et d\u2019une flore sans cesse r\u00e9invent\u00e9e, surpassant de tr\u00e8s loin les capacit\u00e9s humaines. Les dynamiques des pouvoirs politiques, religieux et technologiques s\u2019imposent aujourd\u2019hui \u00e0 nous tous pour remodeler notre monde en profondeur, faisant parfois dispara\u00eetre les barri\u00e8res entre fiction et r\u00e9alit\u00e9.<\/p>\n<\/div>\n<\/div>\n<\/div>\n<div class=\"et_pb_column et_pb_column_1_2 et_pb_column_2 et_pb_css_mix_blend_mode_passthrough et-last-child\">\n<div class=\"et_pb_module et_pb_text et_pb_text_3 et_pb_text_align_left et_pb_bg_layout_light\">\n<div class=\"et_pb_text_inner\">\n<p>Nous ne cessons de nous interroger sur leurs enjeux afin de comprendre des d\u00e9cisions prises pour l\u2019int\u00e9r\u00eat g\u00e9n\u00e9ral ou qui penchent au contraire vers l\u2019autoritarisme et la jouissance d\u2019avoir de la puissance sur autrui.\u00a0Avec des super-h\u00e9ros improbables, des \u00eatres malfaisants plus vrais que nature, des mondes magiques et merveilleux, des artefacts mythiques, des matriarcats l\u00e9gendaires, des utopies, des satires et des dystopies, venez d\u00e9couvrir avec nous toutes les arcanes prot\u00e9iformes du pouvoir et v\u00e9rifier l\u2019adage \u00ab\u00a0avec un grand pouvoir vient une grande responsabilit\u00e9\u00a0\u00bb.<\/p>\n<p>Parmi les organisateurs et mod\u00e9rateurs : Nicolas Rougier (IMN) et Thomas Boraud (IMN)<\/p>\n<p>Informations compl\u00e9mentaires et programme : <a href=\"&quot;https:\/\/hypermondes.fr\/\">https:\/\/hypermondes.fr\/<\/a><\/p>\n<\/div>\n<\/div>\n<\/div>\n","protected":false},"excerpt":{"rendered":"<p>Le festival de l\u2019imaginaire en Nouvelle-Aquitaine. <\/p>\n","protected":false},"template":"","categories":[],"class_list":["post-1912","buni_events","type-buni_events","status-publish","has-post-thumbnail","hentry"],"_links":{"self":[{"href":"https:\/\/imn.u-bordeaux.fr\/fr\/wp-json\/wp\/v2\/buni_events\/1912","targetHints":{"allow":["GET"]}}],"collection":[{"href":"https:\/\/imn.u-bordeaux.fr\/fr\/wp-json\/wp\/v2\/buni_events"}],"about":[{"href":"https:\/\/imn.u-bordeaux.fr\/fr\/wp-json\/wp\/v2\/types\/buni_events"}],"wp:featuredmedia":[{"embeddable":true,"href":"https:\/\/imn.u-bordeaux.fr\/fr\/wp-json\/wp\/v2\/media\/1913"}],"wp:attachment":[{"href":"https:\/\/imn.u-bordeaux.fr\/fr\/wp-json\/wp\/v2\/media?parent=1912"}],"wp:term":[{"taxonomy":"category","embeddable":true,"href":"https:\/\/imn.u-bordeaux.fr\/fr\/wp-json\/wp\/v2\/categories?post=1912"}],"curies":[{"name":"wp","href":"https:\/\/api.w.org\/{rel}","templated":true}]}}